{"id":323,"date":"2023-03-08T16:33:43","date_gmt":"2023-03-08T15:33:43","guid":{"rendered":"https:\/\/validex.fr\/?post_type=project&#038;p=323"},"modified":"2023-03-08T16:35:29","modified_gmt":"2023-03-08T15:35:29","slug":"institut-superieur-deconomie-et-de-gestion-de-lisbonne","status":"publish","type":"project","link":"https:\/\/validex.fr\/en\/project\/institut-superieur-deconomie-et-de-gestion-de-lisbonne\/","title":{"rendered":"Lisbon Higher Institute of Economics and Management"},"content":{"rendered":"<p>[et_pb_section fb_built=\u00a0\u00bb1&Prime; _builder_version=\u00a0\u00bb4.20.0&Prime; _module_preset=\u00a0\u00bbdefault\u00a0\u00bb global_colors_info=\u00a0\u00bb{}\u00a0\u00bb][et_pb_row _builder_version=\u00a0\u00bb4.20.0&Prime; _module_preset=\u00a0\u00bbdefault\u00a0\u00bb custom_margin=\u00a0\u00bb|auto|-6px|auto||\u00a0\u00bb global_colors_info=\u00a0\u00bb{}\u00a0\u00bb][et_pb_column type=\u00a0\u00bb4_4&Prime; _builder_version=\u00a0\u00bb4.20.0&Prime; _module_preset=\u00a0\u00bbdefault\u00a0\u00bb global_colors_info=\u00a0\u00bb{}\u00a0\u00bb][et_pb_text _builder_version=\u00a0\u00bb4.20.0&Prime; _module_preset=\u00a0\u00bbdefault\u00a0\u00bb text_font=\u00a0\u00bb|800|||||||\u00a0\u00bb text_text_color=\u00a0\u00bb#000000&Prime; header_font=\u00a0\u00bb|800|||||||\u00a0\u00bb global_colors_info=\u00a0\u00bb{}\u00a0\u00bb]<\/p>\n<h1>Institut sup\u00e9rieur d&rsquo;\u00e9conomie et de gestion de Lisbonne<\/h1>\n<p>[\/et_pb_text][\/et_pb_column][\/et_pb_row][et_pb_row column_structure=\u00a0\u00bb1_2,1_2&Prime; _builder_version=\u00a0\u00bb4.20.0&Prime; _module_preset=\u00a0\u00bbdefault\u00a0\u00bb custom_padding=\u00a0\u00bb||0px|||\u00a0\u00bb global_colors_info=\u00a0\u00bb{}\u00a0\u00bb][et_pb_column type=\u00a0\u00bb1_2&Prime; _builder_version=\u00a0\u00bb4.20.0&Prime; _module_preset=\u00a0\u00bbdefault\u00a0\u00bb global_colors_info=\u00a0\u00bb{}\u00a0\u00bb][et_pb_text _builder_version=\u00a0\u00bb4.20.0&Prime; _module_preset=\u00a0\u00bbdefault\u00a0\u00bb global_colors_info=\u00a0\u00bb{}\u00a0\u00bb]<\/p>\n<h3 style=\"text-align: justify;\"><strong>Contexte<\/strong><\/h3>\n<p style=\"text-align: justify;\">L\u2019ISEG, Institut Sup\u00e9rieur d\u2019Economie et de Gestion de Lisbonne est l\u2019\u00e9cole sup\u00e9rieure de management du Portugal la plus renomm\u00e9e et la plus ancienne (1759).<\/p>\n<p>[\/et_pb_text][et_pb_text _builder_version=\u00a0\u00bb4.20.0&Prime; _module_preset=\u00a0\u00bbdefault\u00a0\u00bb global_colors_info=\u00a0\u00bb{}\u00a0\u00bb]<\/p>\n<h3 style=\"text-align: justify;\"><strong>Probl\u00e8matique<\/strong><\/h3>\n<ul>\n<li style=\"text-align: justify;\">\n<p>Situ\u00e9e au sous-sol, la laverie n\u2019est pas connect\u00e9e directement \u00e0 la rue pour l\u2019enl\u00e8vement des d\u00e9chets<\/p>\n<\/li>\n<li style=\"text-align: justify;\">\n<p><span style=\"font-size: 14px;\">En raison d\u2019une fr\u00e9quentation variable en nombre de rationnaires selon les p\u00e9riodes de l\u2019ann\u00e9e, la laverie de vaisselle se d\u00e9double en p\u00e9riode haute<\/span><\/p>\n<\/li>\n<li style=\"text-align: justify;\">\n<p><span style=\"font-size: 14px;\">La zone de sortie du restaurant est peu large et il faut un transporteur vertical de plateaux de faible encombrement mais capable de transf\u00e9rer les plateaux d\u2019un \u00e9tage \u00e0 l\u2019autre en p\u00e9riode basse comme en p\u00e9riode haute.<\/span><\/p>\n<\/li>\n<\/ul>\n<p>[\/et_pb_text][\/et_pb_column][et_pb_column type=\u00a0\u00bb1_2&Prime; _builder_version=\u00a0\u00bb4.20.0&Prime; _module_preset=\u00a0\u00bbdefault\u00a0\u00bb global_colors_info=\u00a0\u00bb{}\u00a0\u00bb][et_pb_image src=\u00a0\u00bbhttps:\/\/validex.fr\/wp-content\/uploads\/2023\/03\/case-iseg-lisbonne.jpg\u00a0\u00bb title_text=\u00a0\u00bbcase-iseg-lisbonne\u00a0\u00bb _builder_version=\u00a0\u00bb4.20.0&Prime; _module_preset=\u00a0\u00bbdefault\u00a0\u00bb custom_padding=\u00a0\u00bb30px|||||\u00a0\u00bb global_colors_info=\u00a0\u00bb{}\u00a0\u00bb][\/et_pb_image][\/et_pb_column][\/et_pb_row][et_pb_row _builder_version=\u00a0\u00bb4.20.0&Prime; _module_preset=\u00a0\u00bbdefault\u00a0\u00bb global_colors_info=\u00a0\u00bb{}\u00a0\u00bb][et_pb_column type=\u00a0\u00bb4_4&Prime; _builder_version=\u00a0\u00bb4.20.0&Prime; _module_preset=\u00a0\u00bbdefault\u00a0\u00bb global_colors_info=\u00a0\u00bb{}\u00a0\u00bb][et_pb_text _builder_version=\u00a0\u00bb4.20.0&Prime; _module_preset=\u00a0\u00bbdefault\u00a0\u00bb global_colors_info=\u00a0\u00bb{}\u00a0\u00bb]<\/p>\n<h3><strong>Conception de la solution<\/strong><\/h3>\n<ul>\n<li>Une laverie dans un espace restreint qui se d\u00e9double pour absorber les pics de fr\u00e9quentation<\/li>\n<li>Un syst\u00e8me de traitement de d\u00e9chets permettant de broyer les d\u00e9chets dans la laverie et de les faire remonter au niveau du local poubelle situ\u00e9 \u00e0 un niveau sup\u00e9rieur.<\/li>\n<\/ul>\n<p>[\/et_pb_text][et_pb_image src=\u00a0\u00bbhttps:\/\/validex.fr\/wp-content\/uploads\/2023\/03\/solution-iseg-lisbonne.jpg\u00a0\u00bb title_text=\u00a0\u00bbsolution-iseg-lisbonne\u00a0\u00bb _builder_version=\u00a0\u00bb4.20.0&Prime; _module_preset=\u00a0\u00bbdefault\u00a0\u00bb custom_margin=\u00a0\u00bb-3px|||||\u00a0\u00bb hover_enabled=\u00a0\u00bb0&Prime; global_colors_info=\u00a0\u00bb{}\u00a0\u00bb sticky_enabled=\u00a0\u00bb0&Prime;][\/et_pb_image][\/et_pb_column][\/et_pb_row][et_pb_row column_structure=\u00a0\u00bb1_5,1_5,1_5,1_5,1_5&Prime; _builder_version=\u00a0\u00bb4.20.0&Prime; _module_preset=\u00a0\u00bbdefault\u00a0\u00bb global_colors_info=\u00a0\u00bb{}\u00a0\u00bb][et_pb_column type=\u00a0\u00bb1_5&Prime; _builder_version=\u00a0\u00bb4.20.0&Prime; _module_preset=\u00a0\u00bbdefault\u00a0\u00bb global_colors_info=\u00a0\u00bb{}\u00a0\u00bb][et_pb_image src=\u00a0\u00bbhttps:\/\/validex.fr\/wp-content\/uploads\/2023\/03\/espace.png\u00a0\u00bb title_text=\u00a0\u00bbespace\u00a0\u00bb _builder_version=\u00a0\u00bb4.20.0&Prime; _module_preset=\u00a0\u00bbdefault\u00a0\u00bb width=\u00a0\u00bb100%\u00a0\u00bb animation_style=\u00a0\u00bbzoom\u00a0\u00bb global_colors_info=\u00a0\u00bb{}\u00a0\u00bb][\/et_pb_image][\/et_pb_column][et_pb_column type=\u00a0\u00bb1_5&Prime; _builder_version=\u00a0\u00bb4.20.0&Prime; _module_preset=\u00a0\u00bbdefault\u00a0\u00bb global_colors_info=\u00a0\u00bb{}\u00a0\u00bb][et_pb_image src=\u00a0\u00bbhttps:\/\/validex.fr\/wp-content\/uploads\/2023\/03\/temps-.png\u00a0\u00bb title_text=\u00a0\u00bbtemps-\u00a0\u00bb _builder_version=\u00a0\u00bb4.20.0&Prime; _module_preset=\u00a0\u00bbdefault\u00a0\u00bb width=\u00a0\u00bb100%\u00a0\u00bb animation_style=\u00a0\u00bbzoom\u00a0\u00bb animation_delay=\u00a0\u00bb300ms\u00a0\u00bb global_colors_info=\u00a0\u00bb{}\u00a0\u00bb][\/et_pb_image][\/et_pb_column][et_pb_column type=\u00a0\u00bb1_5&Prime; _builder_version=\u00a0\u00bb4.20.0&Prime; _module_preset=\u00a0\u00bbdefault\u00a0\u00bb global_colors_info=\u00a0\u00bb{}\u00a0\u00bb][et_pb_image src=\u00a0\u00bbhttps:\/\/validex.fr\/wp-content\/uploads\/2023\/03\/hygiene.png\u00a0\u00bb title_text=\u00a0\u00bbhygiene\u00a0\u00bb _builder_version=\u00a0\u00bb4.20.0&Prime; _module_preset=\u00a0\u00bbdefault\u00a0\u00bb width=\u00a0\u00bb100%\u00a0\u00bb animation_style=\u00a0\u00bbzoom\u00a0\u00bb animation_delay=\u00a0\u00bb600ms\u00a0\u00bb global_colors_info=\u00a0\u00bb{}\u00a0\u00bb][\/et_pb_image][\/et_pb_column][et_pb_column type=\u00a0\u00bb1_5&Prime; _builder_version=\u00a0\u00bb4.20.0&Prime; _module_preset=\u00a0\u00bbdefault\u00a0\u00bb global_colors_info=\u00a0\u00bb{}\u00a0\u00bb][\/et_pb_column][et_pb_column type=\u00a0\u00bb1_5&Prime; _builder_version=\u00a0\u00bb4.20.0&Prime; _module_preset=\u00a0\u00bbdefault\u00a0\u00bb global_colors_info=\u00a0\u00bb{}\u00a0\u00bb][\/et_pb_column][\/et_pb_row][\/et_pb_section]<\/p>\n","protected":false},"excerpt":{"rendered":"<p>Institut sup\u00e9rieur d&rsquo;\u00e9conomie et de gestion de LisbonneContexte L\u2019ISEG, Institut Sup\u00e9rieur d\u2019Economie et de Gestion de Lisbonne est l\u2019\u00e9cole sup\u00e9rieure de management du Portugal la plus renomm\u00e9e et la plus ancienne (1759).Probl\u00e8matique Situ\u00e9e au sous-sol, la laverie n\u2019est pas connect\u00e9e directement \u00e0 la rue pour l\u2019enl\u00e8vement des d\u00e9chets En raison d\u2019une fr\u00e9quentation variable en nombre [&hellip;]<\/p>\n","protected":false},"author":1,"featured_media":0,"comment_status":"closed","ping_status":"closed","template":"","meta":{"_et_pb_use_builder":"on","_et_pb_old_content":"","_et_gb_content_width":"","cybocfi_hide_featured_image":"","footnotes":""},"project_category":[],"project_tag":[],"class_list":["post-323","project","type-project","status-publish","hentry"],"yoast_head":"<!-- This site is optimized with the Yoast SEO plugin v27.5 - https:\/\/yoast.com\/product\/yoast-seo-wordpress\/ -->\n<title>Institut sup\u00e9rieur d&#039;\u00e9conomie et de gestion de Lisbonne - Validex<\/title>\n<meta name=\"robots\" content=\"index, follow, max-snippet:-1, max-image-preview:large, max-video-preview:-1\" \/>\n<link rel=\"canonical\" href=\"https:\/\/validex.fr\/en\/project\/institut-superieur-deconomie-et-de-gestion-de-lisbonne\/\" \/>\n<meta property=\"og:locale\" content=\"en_US\" \/>\n<meta property=\"og:type\" content=\"article\" \/>\n<meta property=\"og:title\" content=\"Institut sup\u00e9rieur d&#039;\u00e9conomie et de gestion de Lisbonne - Validex\" \/>\n<meta property=\"og:description\" content=\"Institut sup\u00e9rieur d&#039;\u00e9conomie et de gestion de LisbonneContexte L\u2019ISEG, Institut Sup\u00e9rieur d\u2019Economie et de Gestion de Lisbonne est l\u2019\u00e9cole sup\u00e9rieure de management du Portugal la plus renomm\u00e9e et la plus ancienne (1759).Probl\u00e8matique Situ\u00e9e au sous-sol, la laverie n\u2019est pas connect\u00e9e directement \u00e0 la rue pour l\u2019enl\u00e8vement des d\u00e9chets En raison d\u2019une fr\u00e9quentation variable en nombre [&hellip;]\" \/>\n<meta property=\"og:url\" content=\"https:\/\/validex.fr\/en\/project\/institut-superieur-deconomie-et-de-gestion-de-lisbonne\/\" \/>\n<meta property=\"og:site_name\" content=\"Validex\" \/>\n<meta property=\"article:modified_time\" content=\"2023-03-08T15:35:29+00:00\" \/>\n<meta name=\"twitter:card\" content=\"summary_large_image\" \/>\n<meta name=\"twitter:label1\" content=\"Est. reading time\" \/>\n\t<meta name=\"twitter:data1\" content=\"3 minutes\" \/>\n<script type=\"application\/ld+json\" class=\"yoast-schema-graph\">{\"@context\":\"https:\\\/\\\/schema.org\",\"@graph\":[{\"@type\":\"WebPage\",\"@id\":\"https:\\\/\\\/validex.fr\\\/project\\\/institut-superieur-deconomie-et-de-gestion-de-lisbonne\\\/\",\"url\":\"https:\\\/\\\/validex.fr\\\/project\\\/institut-superieur-deconomie-et-de-gestion-de-lisbonne\\\/\",\"name\":\"Institut sup\u00e9rieur d'\u00e9conomie et de gestion de Lisbonne - Validex\",\"isPartOf\":{\"@id\":\"https:\\\/\\\/validex.fr\\\/#website\"},\"datePublished\":\"2023-03-08T15:33:43+00:00\",\"dateModified\":\"2023-03-08T15:35:29+00:00\",\"breadcrumb\":{\"@id\":\"https:\\\/\\\/validex.fr\\\/project\\\/institut-superieur-deconomie-et-de-gestion-de-lisbonne\\\/#breadcrumb\"},\"inLanguage\":\"en-US\",\"potentialAction\":[{\"@type\":\"ReadAction\",\"target\":[\"https:\\\/\\\/validex.fr\\\/project\\\/institut-superieur-deconomie-et-de-gestion-de-lisbonne\\\/\"]}]},{\"@type\":\"BreadcrumbList\",\"@id\":\"https:\\\/\\\/validex.fr\\\/project\\\/institut-superieur-deconomie-et-de-gestion-de-lisbonne\\\/#breadcrumb\",\"itemListElement\":[{\"@type\":\"ListItem\",\"position\":1,\"name\":\"Accueil\",\"item\":\"https:\\\/\\\/validex.fr\\\/\"},{\"@type\":\"ListItem\",\"position\":2,\"name\":\"Projets\",\"item\":\"https:\\\/\\\/validex.fr\\\/project\\\/\"},{\"@type\":\"ListItem\",\"position\":3,\"name\":\"Institut sup\u00e9rieur d&rsquo;\u00e9conomie et de gestion de Lisbonne\"}]},{\"@type\":\"WebSite\",\"@id\":\"https:\\\/\\\/validex.fr\\\/#website\",\"url\":\"https:\\\/\\\/validex.fr\\\/\",\"name\":\"Validex\",\"description\":\"Cr\u00e9ateur de solutions pour laveries de restaurant.\",\"potentialAction\":[{\"@type\":\"SearchAction\",\"target\":{\"@type\":\"EntryPoint\",\"urlTemplate\":\"https:\\\/\\\/validex.fr\\\/?s={search_term_string}\"},\"query-input\":{\"@type\":\"PropertyValueSpecification\",\"valueRequired\":true,\"valueName\":\"search_term_string\"}}],\"inLanguage\":\"en-US\"}]}<\/script>\n<!-- \/ Yoast SEO plugin. -->","yoast_head_json":{"title":"Institut sup\u00e9rieur d'\u00e9conomie et de gestion de Lisbonne - Validex","robots":{"index":"index","follow":"follow","max-snippet":"max-snippet:-1","max-image-preview":"max-image-preview:large","max-video-preview":"max-video-preview:-1"},"canonical":"https:\/\/validex.fr\/en\/project\/institut-superieur-deconomie-et-de-gestion-de-lisbonne\/","og_locale":"en_US","og_type":"article","og_title":"Institut sup\u00e9rieur d'\u00e9conomie et de gestion de Lisbonne - Validex","og_description":"Institut sup\u00e9rieur d'\u00e9conomie et de gestion de LisbonneContexte L\u2019ISEG, Institut Sup\u00e9rieur d\u2019Economie et de Gestion de Lisbonne est l\u2019\u00e9cole sup\u00e9rieure de management du Portugal la plus renomm\u00e9e et la plus ancienne (1759).Probl\u00e8matique Situ\u00e9e au sous-sol, la laverie n\u2019est pas connect\u00e9e directement \u00e0 la rue pour l\u2019enl\u00e8vement des d\u00e9chets En raison d\u2019une fr\u00e9quentation variable en nombre [&hellip;]","og_url":"https:\/\/validex.fr\/en\/project\/institut-superieur-deconomie-et-de-gestion-de-lisbonne\/","og_site_name":"Validex","article_modified_time":"2023-03-08T15:35:29+00:00","twitter_card":"summary_large_image","twitter_misc":{"Est. reading time":"3 minutes"},"schema":{"@context":"https:\/\/schema.org","@graph":[{"@type":"WebPage","@id":"https:\/\/validex.fr\/project\/institut-superieur-deconomie-et-de-gestion-de-lisbonne\/","url":"https:\/\/validex.fr\/project\/institut-superieur-deconomie-et-de-gestion-de-lisbonne\/","name":"Institut sup\u00e9rieur d'\u00e9conomie et de gestion de Lisbonne - Validex","isPartOf":{"@id":"https:\/\/validex.fr\/#website"},"datePublished":"2023-03-08T15:33:43+00:00","dateModified":"2023-03-08T15:35:29+00:00","breadcrumb":{"@id":"https:\/\/validex.fr\/project\/institut-superieur-deconomie-et-de-gestion-de-lisbonne\/#breadcrumb"},"inLanguage":"en-US","potentialAction":[{"@type":"ReadAction","target":["https:\/\/validex.fr\/project\/institut-superieur-deconomie-et-de-gestion-de-lisbonne\/"]}]},{"@type":"BreadcrumbList","@id":"https:\/\/validex.fr\/project\/institut-superieur-deconomie-et-de-gestion-de-lisbonne\/#breadcrumb","itemListElement":[{"@type":"ListItem","position":1,"name":"Accueil","item":"https:\/\/validex.fr\/"},{"@type":"ListItem","position":2,"name":"Projets","item":"https:\/\/validex.fr\/project\/"},{"@type":"ListItem","position":3,"name":"Institut sup\u00e9rieur d&rsquo;\u00e9conomie et de gestion de Lisbonne"}]},{"@type":"WebSite","@id":"https:\/\/validex.fr\/#website","url":"https:\/\/validex.fr\/","name":"wash-up area environment","description":"Cr\u00e9ateur de solutions pour laveries de restaurant.","potentialAction":[{"@type":"SearchAction","target":{"@type":"EntryPoint","urlTemplate":"https:\/\/validex.fr\/?s={search_term_string}"},"query-input":{"@type":"PropertyValueSpecification","valueRequired":true,"valueName":"search_term_string"}}],"inLanguage":"en-US"}]}},"_links":{"self":[{"href":"https:\/\/validex.fr\/en\/wp-json\/wp\/v2\/project\/323","targetHints":{"allow":["GET"]}}],"collection":[{"href":"https:\/\/validex.fr\/en\/wp-json\/wp\/v2\/project"}],"about":[{"href":"https:\/\/validex.fr\/en\/wp-json\/wp\/v2\/types\/project"}],"author":[{"embeddable":true,"href":"https:\/\/validex.fr\/en\/wp-json\/wp\/v2\/users\/1"}],"replies":[{"embeddable":true,"href":"https:\/\/validex.fr\/en\/wp-json\/wp\/v2\/comments?post=323"}],"version-history":[{"count":3,"href":"https:\/\/validex.fr\/en\/wp-json\/wp\/v2\/project\/323\/revisions"}],"predecessor-version":[{"id":331,"href":"https:\/\/validex.fr\/en\/wp-json\/wp\/v2\/project\/323\/revisions\/331"}],"wp:attachment":[{"href":"https:\/\/validex.fr\/en\/wp-json\/wp\/v2\/media?parent=323"}],"wp:term":[{"taxonomy":"project_category","embeddable":true,"href":"https:\/\/validex.fr\/en\/wp-json\/wp\/v2\/project_category?post=323"},{"taxonomy":"project_tag","embeddable":true,"href":"https:\/\/validex.fr\/en\/wp-json\/wp\/v2\/project_tag?post=323"}],"curies":[{"name":"wp","href":"https:\/\/api.w.org\/{rel}","templated":true}]}}